{"id":3502,"date":"2025-01-31T13:13:20","date_gmt":"2025-01-31T13:13:20","guid":{"rendered":"https:\/\/customsailingcb.com\/esdeveniments\/comiats-de-solter-i-festes-privades\/"},"modified":"2025-03-12T08:17:12","modified_gmt":"2025-03-12T08:17:12","slug":"comiats-de-solter-i-festes-privades","status":"publish","type":"page","link":"https:\/\/customsailingcb.com\/ca\/esdeveniments\/comiats-de-solter-i-festes-privades\/","title":{"rendered":"Comiats de solter i festes privades"},"content":{"rendered":"\t\t<div data-elementor-type=\"wp-page\" data-elementor-id=\"3502\" class=\"elementor elementor-3502 elementor-1025\" data-elementor-post-type=\"page\">\n\t\t\t\t<div class=\"elementor-element elementor-element-a54d6af e-con-full e-flex e-con e-parent\" data-id=\"a54d6af\" data-element_type=\"container\" data-e-type=\"container\">\n\t\t\t\t<div class=\"elementor-element elementor-element-268757f elementor--h-position-center elementor--v-position-middle elementor-arrows-position-inside elementor-pagination-position-inside elementor-widget elementor-widget-slides\" data-id=\"268757f\" data-element_type=\"widget\" data-e-type=\"widget\" data-settings=\"{&quot;navigation&quot;:&quot;both&quot;,&quot;autoplay&quot;:&quot;yes&quot;,&quot;pause_on_hover&quot;:&quot;yes&quot;,&quot;pause_on_interaction&quot;:&quot;yes&quot;,&quot;autoplay_speed&quot;:5000,&quot;infinite&quot;:&quot;yes&quot;,&quot;transition&quot;:&quot;slide&quot;,&quot;transition_speed&quot;:500}\" data-widget_type=\"slides.default\">\n\t\t\t\t<div class=\"elementor-widget-container\">\n\t\t\t\t\t\t\t\t\t<div class=\"elementor-swiper\">\n\t\t\t\t\t<div class=\"elementor-slides-wrapper elementor-main-swiper swiper\" role=\"region\" aria-roledescription=\"carousel\" aria-label=\"Slides\" dir=\"ltr\" data-animation=\"fadeInUp\">\n\t\t\t\t<div class=\"swiper-wrapper elementor-slides\">\n\t\t\t\t\t\t\t\t\t\t<div class=\"elementor-repeater-item-36d2eb6 swiper-slide\" role=\"group\" aria-roledescription=\"slide\"><div class=\"swiper-slide-bg\" role=\"img\" aria-label=\"comiats-solter\"><\/div><div class=\"elementor-background-overlay\"><\/div><div class=\"swiper-slide-inner\" ><div class=\"swiper-slide-contents\"><div class=\"elementor-slide-heading\">Comiats de solter i festes privades<\/div><\/div><\/div><\/div>\t\t\t\t<\/div>\n\t\t\t\t\t\t\t<\/div>\n\t\t\t\t<\/div>\n\t\t\t\t\t\t\t\t<\/div>\n\t\t\t\t<\/div>\n\t\t\t\t<\/div>\n\t\t<div class=\"elementor-element elementor-element-3ea7253 e-flex e-con-boxed e-con e-parent\" data-id=\"3ea7253\" data-element_type=\"container\" data-e-type=\"container\" data-settings=\"{&quot;background_background&quot;:&quot;classic&quot;}\">\n\t\t\t\t\t<div class=\"e-con-inner\">\n\t\t\t\t<div class=\"elementor-element elementor-element-7ff6f77 elementor-widget elementor-widget-spacer\" data-id=\"7ff6f77\" data-element_type=\"widget\" data-e-type=\"widget\" data-widget_type=\"spacer.default\">\n\t\t\t\t<div class=\"elementor-widget-container\">\n\t\t\t\t\t\t\t<div class=\"elementor-spacer\">\n\t\t\t<div class=\"elementor-spacer-inner\"><\/div>\n\t\t<\/div>\n\t\t\t\t\t\t<\/div>\n\t\t\t\t<\/div>\n\t\t\t\t<div class=\"elementor-element elementor-element-56d0268 elementor-widget elementor-widget-text-editor\" data-id=\"56d0268\" data-element_type=\"widget\" data-e-type=\"widget\" data-widget_type=\"text-editor.default\">\n\t\t\t\t<div class=\"elementor-widget-container\">\n\t\t\t\t\t\t\t\t\t<div class=\"col-sm-12\">\n<section id=\"wrapper\" class=\"Hoal\">\n<div class=\"container\">\n<div class=\"row\">\n<div id=\"content-wrapper\" class=\"col-xs-12\">\n<section id=\"main\">\n<section id=\"content\" class=\"page-content page-cms page-cms-23\">\n<div class=\"container\">\n<div class=\"row\">\n<div class=\"col-sm-12\">\n<p>T&#8217;ajudem a organitzar qualsevol festa privada amb la teva fam\u00edlia o amics al mar i als <strong>paratges id\u00edl\u00b7lics que ofereix la Costa Brava. <\/strong>A m\u00e9s de facilitar-vos l&#8217;elecci\u00f3 de l&#8217;embarcaci\u00f3, les activitats aqu\u00e0tiques i els serveis de c\u00e0tering que millor s&#8217;adaptin a les necessitats del vostre grup, tamb\u00e9 us podem assessorar sobre les diferents activitats que ofereix l&#8217;Empord\u00e0 per gaudir d&#8217;una aut\u00e8ntica experi\u00e8ncia a la Costa Brava.<\/p>\n<\/div>\n<\/div>\n<\/div>\n<\/section>\n<\/section>\n<\/div>\n<\/div>\n<\/div>\n<\/section>\n<\/div>\n\t\t\t\t\t\t\t\t<\/div>\n\t\t\t\t<\/div>\n\t\t\t\t<div class=\"elementor-element elementor-element-3bd5cca elementor-align-center elementor-widget elementor-widget-button\" data-id=\"3bd5cca\" data-element_type=\"widget\" data-e-type=\"widget\" data-widget_type=\"button.default\">\n\t\t\t\t<div class=\"elementor-widget-container\">\n\t\t\t\t\t\t\t\t\t<div class=\"elementor-button-wrapper\">\n\t\t\t\t\t<a class=\"elementor-button elementor-button-link elementor-size-sm\" href=\"https:\/\/customsailingcb.com\/ca\/contacte\/\">\n\t\t\t\t\t\t<span class=\"elementor-button-content-wrapper\">\n\t\t\t\t\t\t\t\t\t<span class=\"elementor-button-text\">Organitza la teva festa a mida<\/span>\n\t\t\t\t\t<\/span>\n\t\t\t\t\t<\/a>\n\t\t\t\t<\/div>\n\t\t\t\t\t\t\t\t<\/div>\n\t\t\t\t<\/div>\n\t\t\t\t<div class=\"elementor-element elementor-element-317684e elementor-widget elementor-widget-spacer\" data-id=\"317684e\" data-element_type=\"widget\" data-e-type=\"widget\" data-widget_type=\"spacer.default\">\n\t\t\t\t<div class=\"elementor-widget-container\">\n\t\t\t\t\t\t\t<div class=\"elementor-spacer\">\n\t\t\t<div class=\"elementor-spacer-inner\"><\/div>\n\t\t<\/div>\n\t\t\t\t\t\t<\/div>\n\t\t\t\t<\/div>\n\t\t\t\t\t<\/div>\n\t\t\t\t<\/div>\n\t\t\t\t<\/div>\n\t\t","protected":false},"excerpt":{"rendered":"<p>Comiats de solter i festes privades T&#8217;ajudem a organitzar qualsevol festa privada amb la teva fam\u00edlia o amics al mar i als paratges id\u00edl\u00b7lics que ofereix la Costa Brava. A m\u00e9s de facilitar-vos l&#8217;elecci\u00f3 de l&#8217;embarcaci\u00f3, les activitats aqu\u00e0tiques i els serveis de c\u00e0tering que millor s&#8217;adaptin a les necessitats del vostre grup, tamb\u00e9 us [&hellip;]<\/p>\n","protected":false},"author":2,"featured_media":0,"parent":3496,"menu_order":0,"comment_status":"closed","ping_status":"closed","template":"","meta":{"_acf_changed":false,"site-sidebar-layout":"no-sidebar","site-content-layout":"","ast-site-content-layout":"full-width-container","site-content-style":"default","site-sidebar-style":"default","ast-global-header-display":"","ast-banner-title-visibility":"","ast-main-header-display":"","ast-hfb-above-header-display":"","ast-hfb-below-header-display":"","ast-hfb-mobile-header-display":"","site-post-title":"disabled","ast-breadcrumbs-content":"","ast-featured-img":"disabled","footer-sml-layout":"","ast-disable-related-posts":"","theme-transparent-header-meta":"","adv-header-id-meta":"","stick-header-meta":"","header-above-stick-meta":"","header-main-stick-meta":"","header-below-stick-meta":"","astra-migrate-meta-layouts":"default","ast-page-background-enabled":"default","ast-page-background-meta":{"desktop":{"background-color":"var(--ast-global-color-5)","background-image":"","background-repeat":"repeat","background-position":"center center","background-size":"auto","background-attachment":"scroll","background-type":"","background-media":"","overlay-type":"","overlay-color":"","overlay-opacity":"","overlay-gradient":""},"tablet":{"background-color":"","background-image":"","background-repeat":"repeat","background-position":"center center","background-size":"auto","background-attachment":"scroll","background-type":"","background-media":"","overlay-type":"","overlay-color":"","overlay-opacity":"","overlay-gradient":""},"mobile":{"background-color":"","background-image":"","background-repeat":"repeat","background-position":"center center","background-size":"auto","background-attachment":"scroll","background-type":"","background-media":"","overlay-type":"","overlay-color":"","overlay-opacity":"","overlay-gradient":""}},"ast-content-background-meta":{"desktop":{"background-color":"var(--ast-global-color-4)","background-image":"","background-repeat":"repeat","background-position":"center center","background-size":"auto","background-attachment":"scroll","background-type":"","background-media":"","overlay-type":"","overlay-color":"","overlay-opacity":"","overlay-gradient":""},"tablet":{"background-color":"var(--ast-global-color-4)","background-image":"","background-repeat":"repeat","background-position":"center center","background-size":"auto","background-attachment":"scroll","background-type":"","background-media":"","overlay-type":"","overlay-color":"","overlay-opacity":"","overlay-gradient":""},"mobile":{"background-color":"var(--ast-global-color-4)","background-image":"","background-repeat":"repeat","background-position":"center center","background-size":"auto","background-attachment":"scroll","background-type":"","background-media":"","overlay-type":"","overlay-color":"","overlay-opacity":"","overlay-gradient":""}},"footnotes":""},"class_list":["post-3502","page","type-page","status-publish","hentry"],"acf":[],"yoast_head":"<!-- This site is optimized with the Yoast SEO plugin v27.4 - https:\/\/yoast.com\/product\/yoast-seo-wordpress\/ -->\n<title>Comiats de solter i festes privades - Custom sailing CB, Lloguer embarcacions Costa Brava<\/title>\n<meta name=\"robots\" content=\"index, follow, max-snippet:-1, max-image-preview:large, max-video-preview:-1\" \/>\n<link rel=\"canonical\" href=\"https:\/\/customsailingcb.com\/ca\/esdeveniments\/comiats-de-solter-i-festes-privades\/\" \/>\n<meta property=\"og:locale\" content=\"ca_ES\" \/>\n<meta property=\"og:type\" content=\"article\" \/>\n<meta property=\"og:title\" content=\"Comiats de solter i festes privades - Custom sailing CB, Lloguer embarcacions Costa Brava\" \/>\n<meta property=\"og:description\" content=\"Comiats de solter i festes privades T&#8217;ajudem a organitzar qualsevol festa privada amb la teva fam\u00edlia o amics al mar i als paratges id\u00edl\u00b7lics que ofereix la Costa Brava. A m\u00e9s de facilitar-vos l&#8217;elecci\u00f3 de l&#8217;embarcaci\u00f3, les activitats aqu\u00e0tiques i els serveis de c\u00e0tering que millor s&#8217;adaptin a les necessitats del vostre grup, tamb\u00e9 us [&hellip;]\" \/>\n<meta property=\"og:url\" content=\"https:\/\/customsailingcb.com\/ca\/esdeveniments\/comiats-de-solter-i-festes-privades\/\" \/>\n<meta property=\"og:site_name\" content=\"Custom sailing CB, Lloguer embarcacions Costa Brava\" \/>\n<meta property=\"article:publisher\" content=\"https:\/\/www.facebook.com\/customsailingcostabrava\" \/>\n<meta property=\"article:modified_time\" content=\"2025-03-12T08:17:12+00:00\" \/>\n<meta name=\"twitter:card\" content=\"summary_large_image\" \/>\n<script type=\"application\/ld+json\" class=\"yoast-schema-graph\">{\"@context\":\"https:\\\/\\\/schema.org\",\"@graph\":[{\"@type\":\"WebPage\",\"@id\":\"https:\\\/\\\/customsailingcb.com\\\/ca\\\/esdeveniments\\\/comiats-de-solter-i-festes-privades\\\/\",\"url\":\"https:\\\/\\\/customsailingcb.com\\\/ca\\\/esdeveniments\\\/comiats-de-solter-i-festes-privades\\\/\",\"name\":\"Comiats de solter i festes privades - Custom sailing CB, Lloguer embarcacions Costa Brava\",\"isPartOf\":{\"@id\":\"https:\\\/\\\/customsailingcb.com\\\/ca\\\/#website\"},\"datePublished\":\"2025-01-31T13:13:20+00:00\",\"dateModified\":\"2025-03-12T08:17:12+00:00\",\"breadcrumb\":{\"@id\":\"https:\\\/\\\/customsailingcb.com\\\/ca\\\/esdeveniments\\\/comiats-de-solter-i-festes-privades\\\/#breadcrumb\"},\"inLanguage\":\"ca\",\"potentialAction\":[{\"@type\":\"ReadAction\",\"target\":[\"https:\\\/\\\/customsailingcb.com\\\/ca\\\/esdeveniments\\\/comiats-de-solter-i-festes-privades\\\/\"]}]},{\"@type\":\"BreadcrumbList\",\"@id\":\"https:\\\/\\\/customsailingcb.com\\\/ca\\\/esdeveniments\\\/comiats-de-solter-i-festes-privades\\\/#breadcrumb\",\"itemListElement\":[{\"@type\":\"ListItem\",\"position\":1,\"name\":\"Inicio\",\"item\":\"https:\\\/\\\/customsailingcb.com\\\/ca\\\/\"},{\"@type\":\"ListItem\",\"position\":2,\"name\":\"Esdeveniments\",\"item\":\"https:\\\/\\\/customsailingcb.com\\\/ca\\\/eventos\\\/\"},{\"@type\":\"ListItem\",\"position\":3,\"name\":\"Comiats de solter i festes privades\"}]},{\"@type\":\"WebSite\",\"@id\":\"https:\\\/\\\/customsailingcb.com\\\/ca\\\/#website\",\"url\":\"https:\\\/\\\/customsailingcb.com\\\/ca\\\/\",\"name\":\"Custom Sailing CB\",\"description\":\"Lloguer embarcacions Costa Brava\",\"publisher\":{\"@id\":\"https:\\\/\\\/customsailingcb.com\\\/ca\\\/#organization\"},\"alternateName\":\"CustomSailingCB.com\",\"potentialAction\":[{\"@type\":\"SearchAction\",\"target\":{\"@type\":\"EntryPoint\",\"urlTemplate\":\"https:\\\/\\\/customsailingcb.com\\\/ca\\\/?s={search_term_string}\"},\"query-input\":{\"@type\":\"PropertyValueSpecification\",\"valueRequired\":true,\"valueName\":\"search_term_string\"}}],\"inLanguage\":\"ca\"},{\"@type\":\"Organization\",\"@id\":\"https:\\\/\\\/customsailingcb.com\\\/ca\\\/#organization\",\"name\":\"Custom Sailing CB\",\"alternateName\":\"Custom Sailing Costa Brava\",\"url\":\"https:\\\/\\\/customsailingcb.com\\\/ca\\\/\",\"logo\":{\"@type\":\"ImageObject\",\"inLanguage\":\"ca\",\"@id\":\"https:\\\/\\\/customsailingcb.com\\\/ca\\\/#\\\/schema\\\/logo\\\/image\\\/\",\"url\":\"https:\\\/\\\/www.customsailingcb.com\\\/wp-content\\\/uploads\\\/2025\\\/01\\\/Logo_customsailing-scaled.webp\",\"contentUrl\":\"https:\\\/\\\/www.customsailingcb.com\\\/wp-content\\\/uploads\\\/2025\\\/01\\\/Logo_customsailing-scaled.webp\",\"width\":2560,\"height\":1085,\"caption\":\"Custom Sailing CB\"},\"image\":{\"@id\":\"https:\\\/\\\/customsailingcb.com\\\/ca\\\/#\\\/schema\\\/logo\\\/image\\\/\"},\"sameAs\":[\"https:\\\/\\\/www.facebook.com\\\/customsailingcostabrava\",\"https:\\\/\\\/www.instagram.com\\\/customsailing\\\/\"]}]}<\/script>\n<!-- \/ Yoast SEO plugin. -->","yoast_head_json":{"title":"Comiats de solter i festes privades - Custom sailing CB, Lloguer embarcacions Costa Brava","robots":{"index":"index","follow":"follow","max-snippet":"max-snippet:-1","max-image-preview":"max-image-preview:large","max-video-preview":"max-video-preview:-1"},"canonical":"https:\/\/customsailingcb.com\/ca\/esdeveniments\/comiats-de-solter-i-festes-privades\/","og_locale":"ca_ES","og_type":"article","og_title":"Comiats de solter i festes privades - Custom sailing CB, Lloguer embarcacions Costa Brava","og_description":"Comiats de solter i festes privades T&#8217;ajudem a organitzar qualsevol festa privada amb la teva fam\u00edlia o amics al mar i als paratges id\u00edl\u00b7lics que ofereix la Costa Brava. A m\u00e9s de facilitar-vos l&#8217;elecci\u00f3 de l&#8217;embarcaci\u00f3, les activitats aqu\u00e0tiques i els serveis de c\u00e0tering que millor s&#8217;adaptin a les necessitats del vostre grup, tamb\u00e9 us [&hellip;]","og_url":"https:\/\/customsailingcb.com\/ca\/esdeveniments\/comiats-de-solter-i-festes-privades\/","og_site_name":"Custom sailing CB, Lloguer embarcacions Costa Brava","article_publisher":"https:\/\/www.facebook.com\/customsailingcostabrava","article_modified_time":"2025-03-12T08:17:12+00:00","twitter_card":"summary_large_image","schema":{"@context":"https:\/\/schema.org","@graph":[{"@type":"WebPage","@id":"https:\/\/customsailingcb.com\/ca\/esdeveniments\/comiats-de-solter-i-festes-privades\/","url":"https:\/\/customsailingcb.com\/ca\/esdeveniments\/comiats-de-solter-i-festes-privades\/","name":"Comiats de solter i festes privades - Custom sailing CB, Lloguer embarcacions Costa Brava","isPartOf":{"@id":"https:\/\/customsailingcb.com\/ca\/#website"},"datePublished":"2025-01-31T13:13:20+00:00","dateModified":"2025-03-12T08:17:12+00:00","breadcrumb":{"@id":"https:\/\/customsailingcb.com\/ca\/esdeveniments\/comiats-de-solter-i-festes-privades\/#breadcrumb"},"inLanguage":"ca","potentialAction":[{"@type":"ReadAction","target":["https:\/\/customsailingcb.com\/ca\/esdeveniments\/comiats-de-solter-i-festes-privades\/"]}]},{"@type":"BreadcrumbList","@id":"https:\/\/customsailingcb.com\/ca\/esdeveniments\/comiats-de-solter-i-festes-privades\/#breadcrumb","itemListElement":[{"@type":"ListItem","position":1,"name":"Inicio","item":"https:\/\/customsailingcb.com\/ca\/"},{"@type":"ListItem","position":2,"name":"Esdeveniments","item":"https:\/\/customsailingcb.com\/ca\/eventos\/"},{"@type":"ListItem","position":3,"name":"Comiats de solter i festes privades"}]},{"@type":"WebSite","@id":"https:\/\/customsailingcb.com\/ca\/#website","url":"https:\/\/customsailingcb.com\/ca\/","name":"Custom Sailing CB","description":"Lloguer embarcacions Costa Brava","publisher":{"@id":"https:\/\/customsailingcb.com\/ca\/#organization"},"alternateName":"CustomSailingCB.com","potentialAction":[{"@type":"SearchAction","target":{"@type":"EntryPoint","urlTemplate":"https:\/\/customsailingcb.com\/ca\/?s={search_term_string}"},"query-input":{"@type":"PropertyValueSpecification","valueRequired":true,"valueName":"search_term_string"}}],"inLanguage":"ca"},{"@type":"Organization","@id":"https:\/\/customsailingcb.com\/ca\/#organization","name":"Custom Sailing CB","alternateName":"Custom Sailing Costa Brava","url":"https:\/\/customsailingcb.com\/ca\/","logo":{"@type":"ImageObject","inLanguage":"ca","@id":"https:\/\/customsailingcb.com\/ca\/#\/schema\/logo\/image\/","url":"https:\/\/www.customsailingcb.com\/wp-content\/uploads\/2025\/01\/Logo_customsailing-scaled.webp","contentUrl":"https:\/\/www.customsailingcb.com\/wp-content\/uploads\/2025\/01\/Logo_customsailing-scaled.webp","width":2560,"height":1085,"caption":"Custom Sailing CB"},"image":{"@id":"https:\/\/customsailingcb.com\/ca\/#\/schema\/logo\/image\/"},"sameAs":["https:\/\/www.facebook.com\/customsailingcostabrava","https:\/\/www.instagram.com\/customsailing\/"]}]}},"_links":{"self":[{"href":"https:\/\/customsailingcb.com\/ca\/wp-json\/wp\/v2\/pages\/3502","targetHints":{"allow":["GET"]}}],"collection":[{"href":"https:\/\/customsailingcb.com\/ca\/wp-json\/wp\/v2\/pages"}],"about":[{"href":"https:\/\/customsailingcb.com\/ca\/wp-json\/wp\/v2\/types\/page"}],"author":[{"embeddable":true,"href":"https:\/\/customsailingcb.com\/ca\/wp-json\/wp\/v2\/users\/2"}],"replies":[{"embeddable":true,"href":"https:\/\/customsailingcb.com\/ca\/wp-json\/wp\/v2\/comments?post=3502"}],"version-history":[{"count":0,"href":"https:\/\/customsailingcb.com\/ca\/wp-json\/wp\/v2\/pages\/3502\/revisions"}],"up":[{"embeddable":true,"href":"https:\/\/customsailingcb.com\/ca\/wp-json\/wp\/v2\/pages\/3496"}],"wp:attachment":[{"href":"https:\/\/customsailingcb.com\/ca\/wp-json\/wp\/v2\/media?parent=3502"}],"curies":[{"name":"wp","href":"https:\/\/api.w.org\/{rel}","templated":true}]}}