{"id":4029,"date":"2025-02-19T10:33:59","date_gmt":"2025-02-19T10:33:59","guid":{"rendered":"https:\/\/customsailingcb.com\/politica-de-privacitat\/"},"modified":"2025-03-11T13:16:36","modified_gmt":"2025-03-11T13:16:36","slug":"politica-de-privacitat","status":"publish","type":"page","link":"https:\/\/customsailingcb.com\/ca\/politica-de-privacitat\/","title":{"rendered":"Pol\u00edtica de privacitat"},"content":{"rendered":"\t\t<div data-elementor-type=\"wp-page\" data-elementor-id=\"4029\" class=\"elementor elementor-4029 elementor-2338\" data-elementor-post-type=\"page\">\n\t\t\t\t<div class=\"elementor-element elementor-element-6e2df2e8 e-flex e-con-boxed e-con e-parent\" data-id=\"6e2df2e8\" data-element_type=\"container\" data-e-type=\"container\">\n\t\t\t\t\t<div class=\"e-con-inner\">\n\t\t\t\t<div class=\"elementor-element elementor-element-7673b8e5 elementor-widget elementor-widget-text-editor\" data-id=\"7673b8e5\" data-element_type=\"widget\" data-e-type=\"widget\" data-widget_type=\"text-editor.default\">\n\t\t\t\t<div class=\"elementor-widget-container\">\n\t\t\t\t\t\t\t\t\t<p><strong>POL\u00cdTICA DE PRIVACITAT<\/strong><\/p>\n<p>REGLAMENT (UE) 2016\/679 DEL PARLAMENT EUROPEU I DEL CONSELL de 27 d&#8217;abril de 2016 relatiu a la protecci\u00f3 de les persones f\u00edsiques pel que fa al tractament de dades personals ia la lliure circulaci\u00f3 d&#8217;aquestes i pel qual es deroga la Directiva 95\/46\/CE (Reglament general de protecci\u00f3).<\/p>\n<p>A continuaci\u00f3, detallem la descripci\u00f3 de la informaci\u00f3 que posse\u00efx l&#8217;empresa, com processem les dades personals, amb quina finalitat utilitzem les dades, els seus drets de conformitat aix\u00ed com tamb\u00e9 la seguretat de les dades o la durada d&#8217;emmagatzematge.<\/p>\n<ol class=\"wp-block-list\">\n<li><strong>Qui \u00e9s el responsable del tractament de les vostres dades? <\/strong>\n<p>El responsable dels tractaments de dades referents als diferents processos pel que fa a la gesti\u00f3 dels nostres usuaris, clients o prove\u00efdors \u00e9s CUSTOM SAILING COSTA BRAVA S.L. amb les seg\u00fcents dades:<br \/>NIF B55198964.<br \/>Adre\u00e7a: Carrer Costa Verdad, 27 1r 4a, 17210 Calella de Palafrugell (Girona), Espanya.<br \/>Tel\u00e8fon:+34 635615172<br \/>Correu electr\u00f2nic: hello@customsailingcb.com<\/p>\n<\/li>\n<li><strong>Quin tipus de dades tenim sobre la vostra persona i com les hem obtingut?<\/strong>\n<p><span class=\"hiddenSpellError\">CUSTOM<\/span> <span class=\"hiddenSpellError\">SAILING<\/span> COSTA BRAVA S.L. podeu recollir les dades d&#8217;informaci\u00f3 personal del client a trav\u00e9s dels usuaris que es registren a la p\u00e0gina web, clients que realitzen una contractaci\u00f3 ja sigui online o per tel\u00e8fon, o aquells que hagin participat en sorteigs puntuals. Les dades romandran a l&#8217;empresa estrictament per garantir un bon servei.<br \/>Les dades dels clients s\u00f3n les seg\u00fcents:<br \/>Nom, adre\u00e7a postal, adre\u00e7a de correu electr\u00f2nic i n\u00famero de tel\u00e8fon.<br \/>Totes les dades personals que recopila <span class=\"hiddenSpellError\">CUSTOM<\/span> <span class=\"hiddenSpellError\">SAILING<\/span> COSTA BRAVA S.L. procedeixen de linteressat.<\/p>\n<\/li>\n<li><strong>Amb quina finalitat tractem les vostres dades?<\/strong>\n<p>A CUSTOM SAILING COSTA BRAVA S.L. tractem les dades que ens faciliten les persones interessades per gestionar i desenvolupar la contractaci\u00f3 dels nostres serveis. Per realitzar les contractacions hem de recopilar la informaci\u00f3 necess\u00e0ria, estrictament perqu\u00e8 puguem complir el nostre servei. A m\u00e9s, perqu\u00e8 l&#8217;interessat tingui m\u00e9s informaci\u00f3 sobre l&#8217;estat de la reserva, el servei d&#8217;atenci\u00f3 al client pot contactar via email, telef\u00f2nicament o per WhatsApp.<br \/>Les dades tamb\u00e9 seran utilitzades per gestionar i enviar informaci\u00f3 sobre ofertes, promocions i informacions interessants a trav\u00e9s de correu electr\u00f2nic, adaptades al perfil del client.<\/p>\n<\/li>\n<li><strong>Per quant de temps conservarem les vostres dades?<\/strong>\n<p>Les dades personals relatives a persones f\u00edsiques vinculades a clients potencials, clients i prove\u00efdors que CUSTOM SAILING COSTA BRAVA S.L. recopileu mitjan\u00e7ant els diferents formularis de contacte i\/o recollida d&#8217;informaci\u00f3 es conservaran mentre no se sol\u00b7licite la supressi\u00f3 per part de l&#8217;interessat. Les dades proporcionades pels nostres clients i prove\u00efdors es conservaran mentre es mantingui la relaci\u00f3 mercantil entre les parts respectant en qualsevol cas els terminis m\u00ednims legals de conservaci\u00f3 segons la mat\u00e8ria.<\/p>\n<\/li>\n<li><strong>A quins destinataris es comunicaran les vostres dades?<\/strong>\n<p>CUSTOM SAILING COSTA BRAVA S.L. mai no compartir\u00e0 les seves dades personals amb cap empresa tercera que pretengui utilitzar-les en les seves accions de m\u00e0rqueting directe.<br \/>Les dades personals de l&#8217;interessat podran ser cedides\/comunicades als destinataris seg\u00fcents:<br \/>&#8211; Administracions i organismes p\u00fablics quan aix\u00ed ho exigeixi la normativa fiscal, laboral, de Seguretat Social o qualsevol altra aplicable.<br \/>&#8211; Empreses de missatgeria (correu electr\u00f2nic i tel\u00e8fon), estrictament per facilitar el lliurament de la comanda.<\/p>\n<\/li>\n<li><strong>Quins s\u00f3n els seus drets com a afectat o interessat?<\/strong>\n<p>Qualsevol persona t\u00e9 dret a obtenir confirmaci\u00f3 sobre si CUSTOM SAILING COSTA BRAVA S.L. est\u00e0 tractant dades personals que li concerneixin, o no.<br \/>En concret, les persones interessades poden sol\u00b7licitar el dret d&#8217;acc\u00e9s a les vostres dades personals.<br \/>Aix\u00ed mateix, les persones interessades poden sol\u00b7licitar el dret de rectificaci\u00f3 de les dades inexactes o, si s&#8217;escau, sol\u00b7licitar-ne la supressi\u00f3 quan, entre d&#8217;altres motius, les dades ja no siguin necess\u00e0ries per a la finalitat per la qual es van recaptar.<br \/>Complement\u00e0riament, en determinades circumst\u00e0ncies, els interessats podran sol\u00b7licitar la limitaci\u00f3 del tractament de les seves dades, i en determinades circumst\u00e0ncies i per motius relacionats amb la seva situaci\u00f3 particular, els interessats podran exercitar el dret a oposar-se al tractament de les seves dades. CUSTOM SAILING COSTA BRAVA S.L. deixar\u00e0 de tractar les dades, excepte per motius leg\u00edtims imperiosos, o l&#8217;exercici o la defensa de possibles reclamacions o en aquelles excepcions establertes a la normativa aplicable.<br \/>Aix\u00ed mateix, us informem que teniu dret a retirar els vostres consentiments atorgats en qualsevol moment, sense que aix\u00f2 afecti la licitud del tractament basat en el consentiment previ a la seva retirada.<br \/>Per a qualsevol dubte en relaci\u00f3 amb aquest apartat de Pol\u00edtica de Protecci\u00f3 de Dades, si us plau, us podeu posar en contacte amb l&#8217;empresa i estarem encantats d&#8217;atendre&#8217;l i respondre a qualsevol q\u00fcesti\u00f3 addicional que es pugui plantejar.<\/p>\n<\/li>\n<\/ol>\n\t\t\t\t\t\t\t\t<\/div>\n\t\t\t\t<\/div>\n\t\t\t\t\t<\/div>\n\t\t\t\t<\/div>\n\t\t\t\t<\/div>\n\t\t","protected":false},"excerpt":{"rendered":"<p>POL\u00cdTICA DE PRIVACITAT REGLAMENT (UE) 2016\/679 DEL PARLAMENT EUROPEU I DEL CONSELL de 27 d&#8217;abril de 2016 relatiu a la protecci\u00f3 de les persones f\u00edsiques pel que fa al tractament de dades personals ia la lliure circulaci\u00f3 d&#8217;aquestes i pel qual es deroga la Directiva 95\/46\/CE (Reglament general de protecci\u00f3). A continuaci\u00f3, detallem la descripci\u00f3 [&hellip;]<\/p>\n","protected":false},"author":2,"featured_media":0,"parent":0,"menu_order":0,"comment_status":"closed","ping_status":"closed","template":"","meta":{"_acf_changed":false,"site-sidebar-layout":"default","site-content-layout":"","ast-site-content-layout":"default","site-content-style":"default","site-sidebar-style":"default","ast-global-header-display":"","ast-banner-title-visibility":"","ast-main-header-display":"","ast-hfb-above-header-display":"","ast-hfb-below-header-display":"","ast-hfb-mobile-header-display":"","site-post-title":"","ast-breadcrumbs-content":"","ast-featured-img":"","footer-sml-layout":"","ast-disable-related-posts":"","theme-transparent-header-meta":"","adv-header-id-meta":"","stick-header-meta":"","header-above-stick-meta":"","header-main-stick-meta":"","header-below-stick-meta":"","astra-migrate-meta-layouts":"default","ast-page-background-enabled":"default","ast-page-background-meta":{"desktop":{"background-color":"var(--ast-global-color-5)","background-image":"","background-repeat":"repeat","background-position":"center center","background-size":"auto","background-attachment":"scroll","background-type":"","background-media":"","overlay-type":"","overlay-color":"","overlay-opacity":"","overlay-gradient":""},"tablet":{"background-color":"","background-image":"","background-repeat":"repeat","background-position":"center center","background-size":"auto","background-attachment":"scroll","background-type":"","background-media":"","overlay-type":"","overlay-color":"","overlay-opacity":"","overlay-gradient":""},"mobile":{"background-color":"","background-image":"","background-repeat":"repeat","background-position":"center center","background-size":"auto","background-attachment":"scroll","background-type":"","background-media":"","overlay-type":"","overlay-color":"","overlay-opacity":"","overlay-gradient":""}},"ast-content-background-meta":{"desktop":{"background-color":"var(--ast-global-color-4)","background-image":"","background-repeat":"repeat","background-position":"center center","background-size":"auto","background-attachment":"scroll","background-type":"","background-media":"","overlay-type":"","overlay-color":"","overlay-opacity":"","overlay-gradient":""},"tablet":{"background-color":"var(--ast-global-color-4)","background-image":"","background-repeat":"repeat","background-position":"center center","background-size":"auto","background-attachment":"scroll","background-type":"","background-media":"","overlay-type":"","overlay-color":"","overlay-opacity":"","overlay-gradient":""},"mobile":{"background-color":"var(--ast-global-color-4)","background-image":"","background-repeat":"repeat","background-position":"center center","background-size":"auto","background-attachment":"scroll","background-type":"","background-media":"","overlay-type":"","overlay-color":"","overlay-opacity":"","overlay-gradient":""}},"footnotes":""},"class_list":["post-4029","page","type-page","status-publish","hentry"],"acf":[],"yoast_head":"<!-- This site is optimized with the Yoast SEO plugin v27.4 - https:\/\/yoast.com\/product\/yoast-seo-wordpress\/ -->\n<title>Pol\u00edtica de privacitat - Custom sailing CB, Lloguer embarcacions Costa Brava<\/title>\n<meta name=\"robots\" content=\"index, follow, max-snippet:-1, max-image-preview:large, max-video-preview:-1\" \/>\n<link rel=\"canonical\" href=\"https:\/\/customsailingcb.com\/ca\/politica-de-privacitat\/\" \/>\n<meta property=\"og:locale\" content=\"ca_ES\" \/>\n<meta property=\"og:type\" content=\"article\" \/>\n<meta property=\"og:title\" content=\"Pol\u00edtica de privacitat - Custom sailing CB, Lloguer embarcacions Costa Brava\" \/>\n<meta property=\"og:description\" content=\"POL\u00cdTICA DE PRIVACITAT REGLAMENT (UE) 2016\/679 DEL PARLAMENT EUROPEU I DEL CONSELL de 27 d&#8217;abril de 2016 relatiu a la protecci\u00f3 de les persones f\u00edsiques pel que fa al tractament de dades personals ia la lliure circulaci\u00f3 d&#8217;aquestes i pel qual es deroga la Directiva 95\/46\/CE (Reglament general de protecci\u00f3). A continuaci\u00f3, detallem la descripci\u00f3 [&hellip;]\" \/>\n<meta property=\"og:url\" content=\"https:\/\/customsailingcb.com\/ca\/politica-de-privacitat\/\" \/>\n<meta property=\"og:site_name\" content=\"Custom sailing CB, Lloguer embarcacions Costa Brava\" \/>\n<meta property=\"article:publisher\" content=\"https:\/\/www.facebook.com\/customsailingcostabrava\" \/>\n<meta property=\"article:modified_time\" content=\"2025-03-11T13:16:36+00:00\" \/>\n<meta name=\"twitter:card\" content=\"summary_large_image\" \/>\n<meta name=\"twitter:label1\" content=\"Temps estimat de lectura\" \/>\n\t<meta name=\"twitter:data1\" content=\"4 minuts\" \/>\n<script type=\"application\/ld+json\" class=\"yoast-schema-graph\">{\"@context\":\"https:\\\/\\\/schema.org\",\"@graph\":[{\"@type\":\"WebPage\",\"@id\":\"https:\\\/\\\/customsailingcb.com\\\/ca\\\/politica-de-privacitat\\\/\",\"url\":\"https:\\\/\\\/customsailingcb.com\\\/ca\\\/politica-de-privacitat\\\/\",\"name\":\"Pol\u00edtica de privacitat - Custom sailing CB, Lloguer embarcacions Costa Brava\",\"isPartOf\":{\"@id\":\"https:\\\/\\\/customsailingcb.com\\\/ca\\\/#website\"},\"datePublished\":\"2025-02-19T10:33:59+00:00\",\"dateModified\":\"2025-03-11T13:16:36+00:00\",\"breadcrumb\":{\"@id\":\"https:\\\/\\\/customsailingcb.com\\\/ca\\\/politica-de-privacitat\\\/#breadcrumb\"},\"inLanguage\":\"ca\",\"potentialAction\":[{\"@type\":\"ReadAction\",\"target\":[\"https:\\\/\\\/customsailingcb.com\\\/ca\\\/politica-de-privacitat\\\/\"]}]},{\"@type\":\"BreadcrumbList\",\"@id\":\"https:\\\/\\\/customsailingcb.com\\\/ca\\\/politica-de-privacitat\\\/#breadcrumb\",\"itemListElement\":[{\"@type\":\"ListItem\",\"position\":1,\"name\":\"Inicio\",\"item\":\"https:\\\/\\\/customsailingcb.com\\\/ca\\\/\"},{\"@type\":\"ListItem\",\"position\":2,\"name\":\"Pol\u00edtica de privacitat\"}]},{\"@type\":\"WebSite\",\"@id\":\"https:\\\/\\\/customsailingcb.com\\\/ca\\\/#website\",\"url\":\"https:\\\/\\\/customsailingcb.com\\\/ca\\\/\",\"name\":\"Custom Sailing CB\",\"description\":\"Lloguer embarcacions Costa Brava\",\"publisher\":{\"@id\":\"https:\\\/\\\/customsailingcb.com\\\/ca\\\/#organization\"},\"alternateName\":\"CustomSailingCB.com\",\"potentialAction\":[{\"@type\":\"SearchAction\",\"target\":{\"@type\":\"EntryPoint\",\"urlTemplate\":\"https:\\\/\\\/customsailingcb.com\\\/ca\\\/?s={search_term_string}\"},\"query-input\":{\"@type\":\"PropertyValueSpecification\",\"valueRequired\":true,\"valueName\":\"search_term_string\"}}],\"inLanguage\":\"ca\"},{\"@type\":\"Organization\",\"@id\":\"https:\\\/\\\/customsailingcb.com\\\/ca\\\/#organization\",\"name\":\"Custom Sailing CB\",\"alternateName\":\"Custom Sailing Costa Brava\",\"url\":\"https:\\\/\\\/customsailingcb.com\\\/ca\\\/\",\"logo\":{\"@type\":\"ImageObject\",\"inLanguage\":\"ca\",\"@id\":\"https:\\\/\\\/customsailingcb.com\\\/ca\\\/#\\\/schema\\\/logo\\\/image\\\/\",\"url\":\"https:\\\/\\\/www.customsailingcb.com\\\/wp-content\\\/uploads\\\/2025\\\/01\\\/Logo_customsailing-scaled.webp\",\"contentUrl\":\"https:\\\/\\\/www.customsailingcb.com\\\/wp-content\\\/uploads\\\/2025\\\/01\\\/Logo_customsailing-scaled.webp\",\"width\":2560,\"height\":1085,\"caption\":\"Custom Sailing CB\"},\"image\":{\"@id\":\"https:\\\/\\\/customsailingcb.com\\\/ca\\\/#\\\/schema\\\/logo\\\/image\\\/\"},\"sameAs\":[\"https:\\\/\\\/www.facebook.com\\\/customsailingcostabrava\",\"https:\\\/\\\/www.instagram.com\\\/customsailing\\\/\"]}]}<\/script>\n<!-- \/ Yoast SEO plugin. -->","yoast_head_json":{"title":"Pol\u00edtica de privacitat - Custom sailing CB, Lloguer embarcacions Costa Brava","robots":{"index":"index","follow":"follow","max-snippet":"max-snippet:-1","max-image-preview":"max-image-preview:large","max-video-preview":"max-video-preview:-1"},"canonical":"https:\/\/customsailingcb.com\/ca\/politica-de-privacitat\/","og_locale":"ca_ES","og_type":"article","og_title":"Pol\u00edtica de privacitat - Custom sailing CB, Lloguer embarcacions Costa Brava","og_description":"POL\u00cdTICA DE PRIVACITAT REGLAMENT (UE) 2016\/679 DEL PARLAMENT EUROPEU I DEL CONSELL de 27 d&#8217;abril de 2016 relatiu a la protecci\u00f3 de les persones f\u00edsiques pel que fa al tractament de dades personals ia la lliure circulaci\u00f3 d&#8217;aquestes i pel qual es deroga la Directiva 95\/46\/CE (Reglament general de protecci\u00f3). A continuaci\u00f3, detallem la descripci\u00f3 [&hellip;]","og_url":"https:\/\/customsailingcb.com\/ca\/politica-de-privacitat\/","og_site_name":"Custom sailing CB, Lloguer embarcacions Costa Brava","article_publisher":"https:\/\/www.facebook.com\/customsailingcostabrava","article_modified_time":"2025-03-11T13:16:36+00:00","twitter_card":"summary_large_image","twitter_misc":{"Temps estimat de lectura":"4 minuts"},"schema":{"@context":"https:\/\/schema.org","@graph":[{"@type":"WebPage","@id":"https:\/\/customsailingcb.com\/ca\/politica-de-privacitat\/","url":"https:\/\/customsailingcb.com\/ca\/politica-de-privacitat\/","name":"Pol\u00edtica de privacitat - Custom sailing CB, Lloguer embarcacions Costa Brava","isPartOf":{"@id":"https:\/\/customsailingcb.com\/ca\/#website"},"datePublished":"2025-02-19T10:33:59+00:00","dateModified":"2025-03-11T13:16:36+00:00","breadcrumb":{"@id":"https:\/\/customsailingcb.com\/ca\/politica-de-privacitat\/#breadcrumb"},"inLanguage":"ca","potentialAction":[{"@type":"ReadAction","target":["https:\/\/customsailingcb.com\/ca\/politica-de-privacitat\/"]}]},{"@type":"BreadcrumbList","@id":"https:\/\/customsailingcb.com\/ca\/politica-de-privacitat\/#breadcrumb","itemListElement":[{"@type":"ListItem","position":1,"name":"Inicio","item":"https:\/\/customsailingcb.com\/ca\/"},{"@type":"ListItem","position":2,"name":"Pol\u00edtica de privacitat"}]},{"@type":"WebSite","@id":"https:\/\/customsailingcb.com\/ca\/#website","url":"https:\/\/customsailingcb.com\/ca\/","name":"Custom Sailing CB","description":"Lloguer embarcacions Costa Brava","publisher":{"@id":"https:\/\/customsailingcb.com\/ca\/#organization"},"alternateName":"CustomSailingCB.com","potentialAction":[{"@type":"SearchAction","target":{"@type":"EntryPoint","urlTemplate":"https:\/\/customsailingcb.com\/ca\/?s={search_term_string}"},"query-input":{"@type":"PropertyValueSpecification","valueRequired":true,"valueName":"search_term_string"}}],"inLanguage":"ca"},{"@type":"Organization","@id":"https:\/\/customsailingcb.com\/ca\/#organization","name":"Custom Sailing CB","alternateName":"Custom Sailing Costa Brava","url":"https:\/\/customsailingcb.com\/ca\/","logo":{"@type":"ImageObject","inLanguage":"ca","@id":"https:\/\/customsailingcb.com\/ca\/#\/schema\/logo\/image\/","url":"https:\/\/www.customsailingcb.com\/wp-content\/uploads\/2025\/01\/Logo_customsailing-scaled.webp","contentUrl":"https:\/\/www.customsailingcb.com\/wp-content\/uploads\/2025\/01\/Logo_customsailing-scaled.webp","width":2560,"height":1085,"caption":"Custom Sailing CB"},"image":{"@id":"https:\/\/customsailingcb.com\/ca\/#\/schema\/logo\/image\/"},"sameAs":["https:\/\/www.facebook.com\/customsailingcostabrava","https:\/\/www.instagram.com\/customsailing\/"]}]}},"_links":{"self":[{"href":"https:\/\/customsailingcb.com\/ca\/wp-json\/wp\/v2\/pages\/4029","targetHints":{"allow":["GET"]}}],"collection":[{"href":"https:\/\/customsailingcb.com\/ca\/wp-json\/wp\/v2\/pages"}],"about":[{"href":"https:\/\/customsailingcb.com\/ca\/wp-json\/wp\/v2\/types\/page"}],"author":[{"embeddable":true,"href":"https:\/\/customsailingcb.com\/ca\/wp-json\/wp\/v2\/users\/2"}],"replies":[{"embeddable":true,"href":"https:\/\/customsailingcb.com\/ca\/wp-json\/wp\/v2\/comments?post=4029"}],"version-history":[{"count":0,"href":"https:\/\/customsailingcb.com\/ca\/wp-json\/wp\/v2\/pages\/4029\/revisions"}],"wp:attachment":[{"href":"https:\/\/customsailingcb.com\/ca\/wp-json\/wp\/v2\/media?parent=4029"}],"curies":[{"name":"wp","href":"https:\/\/api.w.org\/{rel}","templated":true}]}}