{"id":4763,"date":"2025-10-17T09:14:05","date_gmt":"2025-10-17T09:14:05","guid":{"rendered":"https:\/\/customsailingcb.com\/?post_type=product&#038;p=4763"},"modified":"2025-10-20T17:02:02","modified_gmt":"2025-10-20T17:02:02","slug":"pascual-calafat-27","status":"publish","type":"product","link":"https:\/\/customsailingcb.com\/ca\/flota\/pascual-calafat-27\/","title":{"rendered":"Pascual Calafat 27"},"content":{"rendered":"<p><\/p>\n","protected":false},"excerpt":{"rendered":"<p>La pascual. L&#8217;aut\u00e8ntic lla\u00fct de l\u00ednies tradicionals, elaborat de forma totalment artesanal al Baix Empord\u00e0. Disposa d&#8217;una banyera a la popa i d&#8217;un sol\u00e0rium a proa, una combinaci\u00f3 perfecta que resulta ideal per a una sortida en parella i en fam\u00edlia a la Costa Brava.<\/p>\n","protected":false},"featured_media":4710,"template":"","meta":{"_acf_changed":false,"site-sidebar-layout":"default","site-content-layout":"","ast-site-content-layout":"default","site-content-style":"default","site-sidebar-style":"default","ast-global-header-display":"","ast-banner-title-visibility":"","ast-main-header-display":"","ast-hfb-above-header-display":"","ast-hfb-below-header-display":"","ast-hfb-mobile-header-display":"","site-post-title":"","ast-breadcrumbs-content":"","ast-featured-img":"","footer-sml-layout":"","ast-disable-related-posts":"","theme-transparent-header-meta":"default","adv-header-id-meta":"","stick-header-meta":"","header-above-stick-meta":"","header-main-stick-meta":"","header-below-stick-meta":"","astra-migrate-meta-layouts":"set","ast-page-background-enabled":"default","ast-page-background-meta":{"desktop":{"background-color":"var(--ast-global-color-5)","background-image":"","background-repeat":"repeat","background-position":"center center","background-size":"auto","background-attachment":"scroll","background-type":"","background-media":"","overlay-type":"","overlay-color":"","overlay-opacity":"","overlay-gradient":""},"tablet":{"background-color":"","background-image":"","background-repeat":"repeat","background-position":"center center","background-size":"auto","background-attachment":"scroll","background-type":"","background-media":"","overlay-type":"","overlay-color":"","overlay-opacity":"","overlay-gradient":""},"mobile":{"background-color":"","background-image":"","background-repeat":"repeat","background-position":"center center","background-size":"auto","background-attachment":"scroll","background-type":"","background-media":"","overlay-type":"","overlay-color":"","overlay-opacity":"","overlay-gradient":""}},"ast-content-background-meta":{"desktop":{"background-color":"var(--ast-global-color-4)","background-image":"","background-repeat":"repeat","background-position":"center center","background-size":"auto","background-attachment":"scroll","background-type":"","background-media":"","overlay-type":"","overlay-color":"","overlay-opacity":"","overlay-gradient":""},"tablet":{"background-color":"var(--ast-global-color-4)","background-image":"","background-repeat":"repeat","background-position":"center center","background-size":"auto","background-attachment":"scroll","background-type":"","background-media":"","overlay-type":"","overlay-color":"","overlay-opacity":"","overlay-gradient":""},"mobile":{"background-color":"var(--ast-global-color-4)","background-image":"","background-repeat":"repeat","background-position":"center center","background-size":"auto","background-attachment":"scroll","background-type":"","background-media":"","overlay-type":"","overlay-color":"","overlay-opacity":"","overlay-gradient":""}}},"product_brand":[],"product_cat":[94,108],"product_tag":[180],"class_list":{"0":"post-4763","1":"product","2":"type-product","3":"status-publish","4":"has-post-thumbnail","6":"product_cat-flota-ca-2","7":"product_cat-tradicional-ca","8":"product_tag-tarongeta-ca","9":"desktop-align-left","10":"tablet-align-left","11":"mobile-align-left","13":"first","14":"instock","15":"virtual","16":"purchasable","17":"product-type-simple"},"acf":[],"yoast_head":"<!-- This site is optimized with the Yoast SEO plugin v27.4 - https:\/\/yoast.com\/product\/yoast-seo-wordpress\/ -->\n<title>Pascual Calafat 27 - Custom sailing CB, Lloguer embarcacions Costa Brava<\/title>\n<meta name=\"robots\" content=\"index, follow, max-snippet:-1, max-image-preview:large, max-video-preview:-1\" \/>\n<link rel=\"canonical\" href=\"https:\/\/customsailingcb.com\/ca\/flota\/pascual-calafat-27\/\" \/>\n<meta property=\"og:locale\" content=\"ca_ES\" \/>\n<meta property=\"og:type\" content=\"article\" \/>\n<meta property=\"og:title\" content=\"Pascual Calafat 27 - Custom sailing CB, Lloguer embarcacions Costa Brava\" \/>\n<meta property=\"og:description\" content=\"La pascual. L&#039;aut\u00e8ntic lla\u00fct de l\u00ednies tradicionals, elaborat de forma totalment artesanal al Baix Empord\u00e0. Disposa d&#039;una banyera a la popa i d&#039;un sol\u00e0rium a proa, una combinaci\u00f3 perfecta que resulta ideal per a una sortida en parella i en fam\u00edlia a la Costa Brava.\" \/>\n<meta property=\"og:url\" content=\"https:\/\/customsailingcb.com\/ca\/flota\/pascual-calafat-27\/\" \/>\n<meta property=\"og:site_name\" content=\"Custom sailing CB, Lloguer embarcacions Costa Brava\" \/>\n<meta property=\"article:publisher\" content=\"https:\/\/www.facebook.com\/customsailingcostabrava\" \/>\n<meta property=\"article:modified_time\" content=\"2025-10-20T17:02:02+00:00\" \/>\n<meta property=\"og:image\" content=\"https:\/\/customsailingcb.com\/wp-content\/uploads\/2025\/10\/sailing.jpg\" \/>\n\t<meta property=\"og:image:width\" content=\"1000\" \/>\n\t<meta property=\"og:image:height\" content=\"650\" \/>\n\t<meta property=\"og:image:type\" content=\"image\/jpeg\" \/>\n<meta name=\"twitter:card\" content=\"summary_large_image\" \/>\n<script type=\"application\/ld+json\" class=\"yoast-schema-graph\">{\"@context\":\"https:\\\/\\\/schema.org\",\"@graph\":[{\"@type\":\"WebPage\",\"@id\":\"https:\\\/\\\/customsailingcb.com\\\/ca\\\/flota\\\/pascual-calafat-27\\\/\",\"url\":\"https:\\\/\\\/customsailingcb.com\\\/ca\\\/flota\\\/pascual-calafat-27\\\/\",\"name\":\"Pascual Calafat 27 - Custom sailing CB, Lloguer embarcacions Costa Brava\",\"isPartOf\":{\"@id\":\"https:\\\/\\\/customsailingcb.com\\\/ca\\\/#website\"},\"primaryImageOfPage\":{\"@id\":\"https:\\\/\\\/customsailingcb.com\\\/ca\\\/flota\\\/pascual-calafat-27\\\/#primaryimage\"},\"image\":{\"@id\":\"https:\\\/\\\/customsailingcb.com\\\/ca\\\/flota\\\/pascual-calafat-27\\\/#primaryimage\"},\"thumbnailUrl\":\"https:\\\/\\\/customsailingcb.com\\\/wp-content\\\/uploads\\\/2025\\\/10\\\/sailing.jpg\",\"datePublished\":\"2025-10-17T09:14:05+00:00\",\"dateModified\":\"2025-10-20T17:02:02+00:00\",\"breadcrumb\":{\"@id\":\"https:\\\/\\\/customsailingcb.com\\\/ca\\\/flota\\\/pascual-calafat-27\\\/#breadcrumb\"},\"inLanguage\":\"ca\",\"potentialAction\":[{\"@type\":\"ReadAction\",\"target\":[\"https:\\\/\\\/customsailingcb.com\\\/ca\\\/flota\\\/pascual-calafat-27\\\/\"]}]},{\"@type\":\"ImageObject\",\"inLanguage\":\"ca\",\"@id\":\"https:\\\/\\\/customsailingcb.com\\\/ca\\\/flota\\\/pascual-calafat-27\\\/#primaryimage\",\"url\":\"https:\\\/\\\/customsailingcb.com\\\/wp-content\\\/uploads\\\/2025\\\/10\\\/sailing.jpg\",\"contentUrl\":\"https:\\\/\\\/customsailingcb.com\\\/wp-content\\\/uploads\\\/2025\\\/10\\\/sailing.jpg\",\"width\":1000,\"height\":650,\"caption\":\"Embarcaci\u00f3n tradicional Pascual Calafat 27 disponible para alquiler en la Costa Brava\"},{\"@type\":\"BreadcrumbList\",\"@id\":\"https:\\\/\\\/customsailingcb.com\\\/ca\\\/flota\\\/pascual-calafat-27\\\/#breadcrumb\",\"itemListElement\":[{\"@type\":\"ListItem\",\"position\":1,\"name\":\"Inicio\",\"item\":\"https:\\\/\\\/customsailingcb.com\\\/ca\\\/\"},{\"@type\":\"ListItem\",\"position\":2,\"name\":\"Productes\",\"item\":\"https:\\\/\\\/customsailingcb.com\\\/ca\\\/shop\\\/\"},{\"@type\":\"ListItem\",\"position\":3,\"name\":\"Pascual Calafat 27\"}]},{\"@type\":\"WebSite\",\"@id\":\"https:\\\/\\\/customsailingcb.com\\\/ca\\\/#website\",\"url\":\"https:\\\/\\\/customsailingcb.com\\\/ca\\\/\",\"name\":\"Custom Sailing CB\",\"description\":\"Lloguer embarcacions Costa Brava\",\"publisher\":{\"@id\":\"https:\\\/\\\/customsailingcb.com\\\/ca\\\/#organization\"},\"alternateName\":\"CustomSailingCB.com\",\"potentialAction\":[{\"@type\":\"SearchAction\",\"target\":{\"@type\":\"EntryPoint\",\"urlTemplate\":\"https:\\\/\\\/customsailingcb.com\\\/ca\\\/?s={search_term_string}\"},\"query-input\":{\"@type\":\"PropertyValueSpecification\",\"valueRequired\":true,\"valueName\":\"search_term_string\"}}],\"inLanguage\":\"ca\"},{\"@type\":\"Organization\",\"@id\":\"https:\\\/\\\/customsailingcb.com\\\/ca\\\/#organization\",\"name\":\"Custom Sailing CB\",\"alternateName\":\"Custom Sailing Costa Brava\",\"url\":\"https:\\\/\\\/customsailingcb.com\\\/ca\\\/\",\"logo\":{\"@type\":\"ImageObject\",\"inLanguage\":\"ca\",\"@id\":\"https:\\\/\\\/customsailingcb.com\\\/ca\\\/#\\\/schema\\\/logo\\\/image\\\/\",\"url\":\"https:\\\/\\\/www.customsailingcb.com\\\/wp-content\\\/uploads\\\/2025\\\/01\\\/Logo_customsailing-scaled.webp\",\"contentUrl\":\"https:\\\/\\\/www.customsailingcb.com\\\/wp-content\\\/uploads\\\/2025\\\/01\\\/Logo_customsailing-scaled.webp\",\"width\":2560,\"height\":1085,\"caption\":\"Custom Sailing CB\"},\"image\":{\"@id\":\"https:\\\/\\\/customsailingcb.com\\\/ca\\\/#\\\/schema\\\/logo\\\/image\\\/\"},\"sameAs\":[\"https:\\\/\\\/www.facebook.com\\\/customsailingcostabrava\",\"https:\\\/\\\/www.instagram.com\\\/customsailing\\\/\"]}]}<\/script>\n<!-- \/ Yoast SEO plugin. -->","yoast_head_json":{"title":"Pascual Calafat 27 - Custom sailing CB, Lloguer embarcacions Costa Brava","robots":{"index":"index","follow":"follow","max-snippet":"max-snippet:-1","max-image-preview":"max-image-preview:large","max-video-preview":"max-video-preview:-1"},"canonical":"https:\/\/customsailingcb.com\/ca\/flota\/pascual-calafat-27\/","og_locale":"ca_ES","og_type":"article","og_title":"Pascual Calafat 27 - Custom sailing CB, Lloguer embarcacions Costa Brava","og_description":"La pascual. L'aut\u00e8ntic lla\u00fct de l\u00ednies tradicionals, elaborat de forma totalment artesanal al Baix Empord\u00e0. Disposa d'una banyera a la popa i d'un sol\u00e0rium a proa, una combinaci\u00f3 perfecta que resulta ideal per a una sortida en parella i en fam\u00edlia a la Costa Brava.","og_url":"https:\/\/customsailingcb.com\/ca\/flota\/pascual-calafat-27\/","og_site_name":"Custom sailing CB, Lloguer embarcacions Costa Brava","article_publisher":"https:\/\/www.facebook.com\/customsailingcostabrava","article_modified_time":"2025-10-20T17:02:02+00:00","og_image":[{"width":1000,"height":650,"url":"https:\/\/customsailingcb.com\/wp-content\/uploads\/2025\/10\/sailing.jpg","type":"image\/jpeg"}],"twitter_card":"summary_large_image","schema":{"@context":"https:\/\/schema.org","@graph":[{"@type":"WebPage","@id":"https:\/\/customsailingcb.com\/ca\/flota\/pascual-calafat-27\/","url":"https:\/\/customsailingcb.com\/ca\/flota\/pascual-calafat-27\/","name":"Pascual Calafat 27 - Custom sailing CB, Lloguer embarcacions Costa Brava","isPartOf":{"@id":"https:\/\/customsailingcb.com\/ca\/#website"},"primaryImageOfPage":{"@id":"https:\/\/customsailingcb.com\/ca\/flota\/pascual-calafat-27\/#primaryimage"},"image":{"@id":"https:\/\/customsailingcb.com\/ca\/flota\/pascual-calafat-27\/#primaryimage"},"thumbnailUrl":"https:\/\/customsailingcb.com\/wp-content\/uploads\/2025\/10\/sailing.jpg","datePublished":"2025-10-17T09:14:05+00:00","dateModified":"2025-10-20T17:02:02+00:00","breadcrumb":{"@id":"https:\/\/customsailingcb.com\/ca\/flota\/pascual-calafat-27\/#breadcrumb"},"inLanguage":"ca","potentialAction":[{"@type":"ReadAction","target":["https:\/\/customsailingcb.com\/ca\/flota\/pascual-calafat-27\/"]}]},{"@type":"ImageObject","inLanguage":"ca","@id":"https:\/\/customsailingcb.com\/ca\/flota\/pascual-calafat-27\/#primaryimage","url":"https:\/\/customsailingcb.com\/wp-content\/uploads\/2025\/10\/sailing.jpg","contentUrl":"https:\/\/customsailingcb.com\/wp-content\/uploads\/2025\/10\/sailing.jpg","width":1000,"height":650,"caption":"Embarcaci\u00f3n tradicional Pascual Calafat 27 disponible para alquiler en la Costa Brava"},{"@type":"BreadcrumbList","@id":"https:\/\/customsailingcb.com\/ca\/flota\/pascual-calafat-27\/#breadcrumb","itemListElement":[{"@type":"ListItem","position":1,"name":"Inicio","item":"https:\/\/customsailingcb.com\/ca\/"},{"@type":"ListItem","position":2,"name":"Productes","item":"https:\/\/customsailingcb.com\/ca\/shop\/"},{"@type":"ListItem","position":3,"name":"Pascual Calafat 27"}]},{"@type":"WebSite","@id":"https:\/\/customsailingcb.com\/ca\/#website","url":"https:\/\/customsailingcb.com\/ca\/","name":"Custom Sailing CB","description":"Lloguer embarcacions Costa Brava","publisher":{"@id":"https:\/\/customsailingcb.com\/ca\/#organization"},"alternateName":"CustomSailingCB.com","potentialAction":[{"@type":"SearchAction","target":{"@type":"EntryPoint","urlTemplate":"https:\/\/customsailingcb.com\/ca\/?s={search_term_string}"},"query-input":{"@type":"PropertyValueSpecification","valueRequired":true,"valueName":"search_term_string"}}],"inLanguage":"ca"},{"@type":"Organization","@id":"https:\/\/customsailingcb.com\/ca\/#organization","name":"Custom Sailing CB","alternateName":"Custom Sailing Costa Brava","url":"https:\/\/customsailingcb.com\/ca\/","logo":{"@type":"ImageObject","inLanguage":"ca","@id":"https:\/\/customsailingcb.com\/ca\/#\/schema\/logo\/image\/","url":"https:\/\/www.customsailingcb.com\/wp-content\/uploads\/2025\/01\/Logo_customsailing-scaled.webp","contentUrl":"https:\/\/www.customsailingcb.com\/wp-content\/uploads\/2025\/01\/Logo_customsailing-scaled.webp","width":2560,"height":1085,"caption":"Custom Sailing CB"},"image":{"@id":"https:\/\/customsailingcb.com\/ca\/#\/schema\/logo\/image\/"},"sameAs":["https:\/\/www.facebook.com\/customsailingcostabrava","https:\/\/www.instagram.com\/customsailing\/"]}]}},"_links":{"self":[{"href":"https:\/\/customsailingcb.com\/ca\/wp-json\/wp\/v2\/product\/4763","targetHints":{"allow":["GET"]}}],"collection":[{"href":"https:\/\/customsailingcb.com\/ca\/wp-json\/wp\/v2\/product"}],"about":[{"href":"https:\/\/customsailingcb.com\/ca\/wp-json\/wp\/v2\/types\/product"}],"version-history":[{"count":0,"href":"https:\/\/customsailingcb.com\/ca\/wp-json\/wp\/v2\/product\/4763\/revisions"}],"wp:featuredmedia":[{"embeddable":true,"href":"https:\/\/customsailingcb.com\/ca\/wp-json\/wp\/v2\/media\/4710"}],"wp:attachment":[{"href":"https:\/\/customsailingcb.com\/ca\/wp-json\/wp\/v2\/media?parent=4763"}],"wp:term":[{"taxonomy":"product_brand","embeddable":true,"href":"https:\/\/customsailingcb.com\/ca\/wp-json\/wp\/v2\/product_brand?post=4763"},{"taxonomy":"product_cat","embeddable":true,"href":"https:\/\/customsailingcb.com\/ca\/wp-json\/wp\/v2\/product_cat?post=4763"},{"taxonomy":"product_tag","embeddable":true,"href":"https:\/\/customsailingcb.com\/ca\/wp-json\/wp\/v2\/product_tag?post=4763"}],"curies":[{"name":"wp","href":"https:\/\/api.w.org\/{rel}","templated":true}]}}