{"id":3518,"date":"2025-01-31T13:07:23","date_gmt":"2025-01-31T13:07:23","guid":{"rendered":"https:\/\/customsailingcb.com\/evenements\/regates-en-haute-altitude\/"},"modified":"2025-03-12T08:17:04","modified_gmt":"2025-03-12T08:17:04","slug":"regates-en-haute-altitude","status":"publish","type":"page","link":"https:\/\/customsailingcb.com\/fr\/evenements\/regates-en-haute-altitude\/","title":{"rendered":"R\u00e9gates en haute altitude"},"content":{"rendered":"\t\t<div data-elementor-type=\"wp-page\" data-elementor-id=\"3518\" class=\"elementor elementor-3518 elementor-1013\" data-elementor-post-type=\"page\">\n\t\t\t\t<div class=\"elementor-element elementor-element-a54d6af e-con-full e-flex e-con e-parent\" data-id=\"a54d6af\" data-element_type=\"container\" data-e-type=\"container\">\n\t\t\t\t<div class=\"elementor-element elementor-element-268757f elementor--h-position-center elementor--v-position-middle elementor-arrows-position-inside elementor-pagination-position-inside elementor-widget elementor-widget-slides\" data-id=\"268757f\" data-element_type=\"widget\" data-e-type=\"widget\" data-settings=\"{&quot;navigation&quot;:&quot;both&quot;,&quot;autoplay&quot;:&quot;yes&quot;,&quot;pause_on_hover&quot;:&quot;yes&quot;,&quot;pause_on_interaction&quot;:&quot;yes&quot;,&quot;autoplay_speed&quot;:5000,&quot;infinite&quot;:&quot;yes&quot;,&quot;transition&quot;:&quot;slide&quot;,&quot;transition_speed&quot;:500}\" data-widget_type=\"slides.default\">\n\t\t\t\t<div class=\"elementor-widget-container\">\n\t\t\t\t\t\t\t\t\t<div class=\"elementor-swiper\">\n\t\t\t\t\t<div class=\"elementor-slides-wrapper elementor-main-swiper swiper\" role=\"region\" aria-roledescription=\"carousel\" aria-label=\"Slides\" dir=\"ltr\" data-animation=\"fadeInUp\">\n\t\t\t\t<div class=\"swiper-wrapper elementor-slides\">\n\t\t\t\t\t\t\t\t\t\t<div class=\"elementor-repeater-item-36d2eb6 swiper-slide\" role=\"group\" aria-roledescription=\"slide\"><div class=\"swiper-slide-bg\" role=\"img\" aria-label=\"regates-altura\"><\/div><div class=\"elementor-background-overlay\"><\/div><div class=\"swiper-slide-inner\" ><div class=\"swiper-slide-contents\"><div class=\"elementor-slide-heading\">R\u00e9gates en haute altitude<\/div><\/div><\/div><\/div>\t\t\t\t<\/div>\n\t\t\t\t\t\t\t<\/div>\n\t\t\t\t<\/div>\n\t\t\t\t\t\t\t\t<\/div>\n\t\t\t\t<\/div>\n\t\t\t\t<\/div>\n\t\t<div class=\"elementor-element elementor-element-3ea7253 e-flex e-con-boxed e-con e-parent\" data-id=\"3ea7253\" data-element_type=\"container\" data-e-type=\"container\" data-settings=\"{&quot;background_background&quot;:&quot;classic&quot;}\">\n\t\t\t\t\t<div class=\"e-con-inner\">\n\t\t\t\t<div class=\"elementor-element elementor-element-7ff6f77 elementor-widget elementor-widget-spacer\" data-id=\"7ff6f77\" data-element_type=\"widget\" data-e-type=\"widget\" data-widget_type=\"spacer.default\">\n\t\t\t\t<div class=\"elementor-widget-container\">\n\t\t\t\t\t\t\t<div class=\"elementor-spacer\">\n\t\t\t<div class=\"elementor-spacer-inner\"><\/div>\n\t\t<\/div>\n\t\t\t\t\t\t<\/div>\n\t\t\t\t<\/div>\n\t\t\t\t<div class=\"elementor-element elementor-element-56d0268 elementor-widget elementor-widget-text-editor\" data-id=\"56d0268\" data-element_type=\"widget\" data-e-type=\"widget\" data-widget_type=\"text-editor.default\">\n\t\t\t\t<div class=\"elementor-widget-container\">\n\t\t\t\t\t\t\t\t\t<p>En dehors de la haute saison estivale et pour \u00e9viter l&#8217;encombrement du trafic maritime sur la Costa Brava et les \u00celes Bal\u00e9ares, le calendrier est rempli de r\u00e9gates en haute altitude organis\u00e9es par diff\u00e9rentes entit\u00e9s qui consistent en des voyages de longue distance pour visiter diff\u00e9rents lieux. Ces \u00e9v\u00e9nements constituent un cadre id\u00e9al pour favoriser l&#8217;entra\u00eenement et les loisirs et s&#8217;adressent \u00e0 toute personne, m\u00eame sans exp\u00e9rience, qui vivra une grande aventure m\u00ealant comp\u00e9tition et vie \u00e0 bord.<\/p>\n<p><a style=\"text-decoration: none; color: #333f48;\" title=\"Custom sailing cb\" href=\"https:\/\/www.regataophiusa.com\/pag_2\/index.php\" target=\"_blank\" rel=\"noreferrer noopener\"><strong>Regata Ophiusa<\/strong> 17-18-19 Avril 2025<\/a><\/p>\n<p><a style=\"text-decoration: none; color: #333f48;\" title=\"Custom sailing cb\" href=\"https:\/\/larutadelasal.com\/\" target=\"_blank\" rel=\"noreferrer noopener\"><strong>Route du Sel<\/strong> 17-18-19 Avril 2025<\/a><\/p>\n<p><a style=\"text-decoration: none; color: #333f48;\" title=\"Custom sailing cb\" href=\"https:\/\/www.regatamenorcasantjoan.com\/\" target=\"_blank\" rel=\"noreferrer noopener\"><strong>Menorca Sant Joan<\/strong> 19-21 Juin 2025<\/a><\/p>\n\t\t\t\t\t\t\t\t<\/div>\n\t\t\t\t<\/div>\n\t\t\t\t<div class=\"elementor-element elementor-element-3bd5cca elementor-align-center elementor-widget elementor-widget-button\" data-id=\"3bd5cca\" data-element_type=\"widget\" data-e-type=\"widget\" data-widget_type=\"button.default\">\n\t\t\t\t<div class=\"elementor-widget-container\">\n\t\t\t\t\t\t\t\t\t<div class=\"elementor-button-wrapper\">\n\t\t\t\t\t<a class=\"elementor-button elementor-button-link elementor-size-sm\" href=\"https:\/\/customsailingcb.com\/fr\/contact\/\">\n\t\t\t\t\t\t<span class=\"elementor-button-content-wrapper\">\n\t\t\t\t\t\t\t\t\t<span class=\"elementor-button-text\">Participez \u00e0 une r\u00e9gate<\/span>\n\t\t\t\t\t<\/span>\n\t\t\t\t\t<\/a>\n\t\t\t\t<\/div>\n\t\t\t\t\t\t\t\t<\/div>\n\t\t\t\t<\/div>\n\t\t\t\t<div class=\"elementor-element elementor-element-317684e elementor-widget elementor-widget-spacer\" data-id=\"317684e\" data-element_type=\"widget\" data-e-type=\"widget\" data-widget_type=\"spacer.default\">\n\t\t\t\t<div class=\"elementor-widget-container\">\n\t\t\t\t\t\t\t<div class=\"elementor-spacer\">\n\t\t\t<div class=\"elementor-spacer-inner\"><\/div>\n\t\t<\/div>\n\t\t\t\t\t\t<\/div>\n\t\t\t\t<\/div>\n\t\t\t\t\t<\/div>\n\t\t\t\t<\/div>\n\t\t\t\t<\/div>\n\t\t","protected":false},"excerpt":{"rendered":"<p>R\u00e9gates en haute altitude En dehors de la haute saison estivale et pour \u00e9viter l&#8217;encombrement du trafic maritime sur la Costa Brava et les \u00celes Bal\u00e9ares, le calendrier est rempli de r\u00e9gates en haute altitude organis\u00e9es par diff\u00e9rentes entit\u00e9s qui consistent en des voyages de longue distance pour visiter diff\u00e9rents lieux. Ces \u00e9v\u00e9nements constituent un [&hellip;]<\/p>\n","protected":false},"author":2,"featured_media":0,"parent":3500,"menu_order":0,"comment_status":"closed","ping_status":"closed","template":"","meta":{"_acf_changed":false,"site-sidebar-layout":"no-sidebar","site-content-layout":"","ast-site-content-layout":"full-width-container","site-content-style":"default","site-sidebar-style":"default","ast-global-header-display":"","ast-banner-title-visibility":"","ast-main-header-display":"","ast-hfb-above-header-display":"","ast-hfb-below-header-display":"","ast-hfb-mobile-header-display":"","site-post-title":"disabled","ast-breadcrumbs-content":"","ast-featured-img":"disabled","footer-sml-layout":"","ast-disable-related-posts":"","theme-transparent-header-meta":"","adv-header-id-meta":"","stick-header-meta":"","header-above-stick-meta":"","header-main-stick-meta":"","header-below-stick-meta":"","astra-migrate-meta-layouts":"default","ast-page-background-enabled":"default","ast-page-background-meta":{"desktop":{"background-color":"var(--ast-global-color-5)","background-image":"","background-repeat":"repeat","background-position":"center center","background-size":"auto","background-attachment":"scroll","background-type":"","background-media":"","overlay-type":"","overlay-color":"","overlay-opacity":"","overlay-gradient":""},"tablet":{"background-color":"","background-image":"","background-repeat":"repeat","background-position":"center center","background-size":"auto","background-attachment":"scroll","background-type":"","background-media":"","overlay-type":"","overlay-color":"","overlay-opacity":"","overlay-gradient":""},"mobile":{"background-color":"","background-image":"","background-repeat":"repeat","background-position":"center center","background-size":"auto","background-attachment":"scroll","background-type":"","background-media":"","overlay-type":"","overlay-color":"","overlay-opacity":"","overlay-gradient":""}},"ast-content-background-meta":{"desktop":{"background-color":"var(--ast-global-color-4)","background-image":"","background-repeat":"repeat","background-position":"center center","background-size":"auto","background-attachment":"scroll","background-type":"","background-media":"","overlay-type":"","overlay-color":"","overlay-opacity":"","overlay-gradient":""},"tablet":{"background-color":"var(--ast-global-color-4)","background-image":"","background-repeat":"repeat","background-position":"center center","background-size":"auto","background-attachment":"scroll","background-type":"","background-media":"","overlay-type":"","overlay-color":"","overlay-opacity":"","overlay-gradient":""},"mobile":{"background-color":"var(--ast-global-color-4)","background-image":"","background-repeat":"repeat","background-position":"center center","background-size":"auto","background-attachment":"scroll","background-type":"","background-media":"","overlay-type":"","overlay-color":"","overlay-opacity":"","overlay-gradient":""}},"footnotes":""},"class_list":["post-3518","page","type-page","status-publish","hentry"],"acf":[],"yoast_head":"<!-- This site is optimized with the Yoast SEO plugin v27.4 - https:\/\/yoast.com\/product\/yoast-seo-wordpress\/ -->\n<title>R\u00e9gates en haute altitude - Custom sailing CB, location de bateau Costa Brava<\/title>\n<meta name=\"robots\" content=\"index, follow, max-snippet:-1, max-image-preview:large, max-video-preview:-1\" \/>\n<link rel=\"canonical\" href=\"https:\/\/customsailingcb.com\/fr\/evenements\/regates-en-haute-altitude\/\" \/>\n<meta property=\"og:locale\" content=\"fr_FR\" \/>\n<meta property=\"og:type\" content=\"article\" \/>\n<meta property=\"og:title\" content=\"R\u00e9gates en haute altitude - Custom sailing CB, location de bateau Costa Brava\" \/>\n<meta property=\"og:description\" content=\"R\u00e9gates en haute altitude En dehors de la haute saison estivale et pour \u00e9viter l&#8217;encombrement du trafic maritime sur la Costa Brava et les \u00celes Bal\u00e9ares, le calendrier est rempli de r\u00e9gates en haute altitude organis\u00e9es par diff\u00e9rentes entit\u00e9s qui consistent en des voyages de longue distance pour visiter diff\u00e9rents lieux. Ces \u00e9v\u00e9nements constituent un [&hellip;]\" \/>\n<meta property=\"og:url\" content=\"https:\/\/customsailingcb.com\/fr\/evenements\/regates-en-haute-altitude\/\" \/>\n<meta property=\"og:site_name\" content=\"Custom sailing CB, location de bateau Costa Brava\" \/>\n<meta property=\"article:publisher\" content=\"https:\/\/www.facebook.com\/customsailingcostabrava\" \/>\n<meta property=\"article:modified_time\" content=\"2025-03-12T08:17:04+00:00\" \/>\n<meta name=\"twitter:card\" content=\"summary_large_image\" \/>\n<meta name=\"twitter:label1\" content=\"Dur\u00e9e de lecture estim\u00e9e\" \/>\n\t<meta name=\"twitter:data1\" content=\"1 minute\" \/>\n<script type=\"application\/ld+json\" class=\"yoast-schema-graph\">{\"@context\":\"https:\\\/\\\/schema.org\",\"@graph\":[{\"@type\":\"WebPage\",\"@id\":\"https:\\\/\\\/customsailingcb.com\\\/fr\\\/evenements\\\/regates-en-haute-altitude\\\/\",\"url\":\"https:\\\/\\\/customsailingcb.com\\\/fr\\\/evenements\\\/regates-en-haute-altitude\\\/\",\"name\":\"R\u00e9gates en haute altitude - Custom sailing CB, location de bateau Costa Brava\",\"isPartOf\":{\"@id\":\"https:\\\/\\\/customsailingcb.com\\\/fr\\\/#website\"},\"datePublished\":\"2025-01-31T13:07:23+00:00\",\"dateModified\":\"2025-03-12T08:17:04+00:00\",\"breadcrumb\":{\"@id\":\"https:\\\/\\\/customsailingcb.com\\\/fr\\\/evenements\\\/regates-en-haute-altitude\\\/#breadcrumb\"},\"inLanguage\":\"fr-FR\",\"potentialAction\":[{\"@type\":\"ReadAction\",\"target\":[\"https:\\\/\\\/customsailingcb.com\\\/fr\\\/evenements\\\/regates-en-haute-altitude\\\/\"]}]},{\"@type\":\"BreadcrumbList\",\"@id\":\"https:\\\/\\\/customsailingcb.com\\\/fr\\\/evenements\\\/regates-en-haute-altitude\\\/#breadcrumb\",\"itemListElement\":[{\"@type\":\"ListItem\",\"position\":1,\"name\":\"Inicio\",\"item\":\"https:\\\/\\\/customsailingcb.com\\\/fr\\\/\"},{\"@type\":\"ListItem\",\"position\":2,\"name\":\"\u00c9v\u00e9nements\",\"item\":\"https:\\\/\\\/customsailingcb.com\\\/fr\\\/eventos\\\/\"},{\"@type\":\"ListItem\",\"position\":3,\"name\":\"R\u00e9gates en haute altitude\"}]},{\"@type\":\"WebSite\",\"@id\":\"https:\\\/\\\/customsailingcb.com\\\/fr\\\/#website\",\"url\":\"https:\\\/\\\/customsailingcb.com\\\/fr\\\/\",\"name\":\"Custom Sailing CB\",\"description\":\"Location de bateaux Costa Brava\",\"publisher\":{\"@id\":\"https:\\\/\\\/customsailingcb.com\\\/fr\\\/#organization\"},\"alternateName\":\"CustomSailingCB.com\",\"potentialAction\":[{\"@type\":\"SearchAction\",\"target\":{\"@type\":\"EntryPoint\",\"urlTemplate\":\"https:\\\/\\\/customsailingcb.com\\\/fr\\\/?s={search_term_string}\"},\"query-input\":{\"@type\":\"PropertyValueSpecification\",\"valueRequired\":true,\"valueName\":\"search_term_string\"}}],\"inLanguage\":\"fr-FR\"},{\"@type\":\"Organization\",\"@id\":\"https:\\\/\\\/customsailingcb.com\\\/fr\\\/#organization\",\"name\":\"Custom Sailing CB\",\"alternateName\":\"Custom Sailing Costa Brava\",\"url\":\"https:\\\/\\\/customsailingcb.com\\\/fr\\\/\",\"logo\":{\"@type\":\"ImageObject\",\"inLanguage\":\"fr-FR\",\"@id\":\"https:\\\/\\\/customsailingcb.com\\\/fr\\\/#\\\/schema\\\/logo\\\/image\\\/\",\"url\":\"https:\\\/\\\/www.customsailingcb.com\\\/wp-content\\\/uploads\\\/2025\\\/01\\\/Logo_customsailing-scaled.webp\",\"contentUrl\":\"https:\\\/\\\/www.customsailingcb.com\\\/wp-content\\\/uploads\\\/2025\\\/01\\\/Logo_customsailing-scaled.webp\",\"width\":2560,\"height\":1085,\"caption\":\"Custom Sailing CB\"},\"image\":{\"@id\":\"https:\\\/\\\/customsailingcb.com\\\/fr\\\/#\\\/schema\\\/logo\\\/image\\\/\"},\"sameAs\":[\"https:\\\/\\\/www.facebook.com\\\/customsailingcostabrava\",\"https:\\\/\\\/www.instagram.com\\\/customsailing\\\/\"]}]}<\/script>\n<!-- \/ Yoast SEO plugin. -->","yoast_head_json":{"title":"R\u00e9gates en haute altitude - Custom sailing CB, location de bateau Costa Brava","robots":{"index":"index","follow":"follow","max-snippet":"max-snippet:-1","max-image-preview":"max-image-preview:large","max-video-preview":"max-video-preview:-1"},"canonical":"https:\/\/customsailingcb.com\/fr\/evenements\/regates-en-haute-altitude\/","og_locale":"fr_FR","og_type":"article","og_title":"R\u00e9gates en haute altitude - Custom sailing CB, location de bateau Costa Brava","og_description":"R\u00e9gates en haute altitude En dehors de la haute saison estivale et pour \u00e9viter l&#8217;encombrement du trafic maritime sur la Costa Brava et les \u00celes Bal\u00e9ares, le calendrier est rempli de r\u00e9gates en haute altitude organis\u00e9es par diff\u00e9rentes entit\u00e9s qui consistent en des voyages de longue distance pour visiter diff\u00e9rents lieux. Ces \u00e9v\u00e9nements constituent un [&hellip;]","og_url":"https:\/\/customsailingcb.com\/fr\/evenements\/regates-en-haute-altitude\/","og_site_name":"Custom sailing CB, location de bateau Costa Brava","article_publisher":"https:\/\/www.facebook.com\/customsailingcostabrava","article_modified_time":"2025-03-12T08:17:04+00:00","twitter_card":"summary_large_image","twitter_misc":{"Dur\u00e9e de lecture estim\u00e9e":"1 minute"},"schema":{"@context":"https:\/\/schema.org","@graph":[{"@type":"WebPage","@id":"https:\/\/customsailingcb.com\/fr\/evenements\/regates-en-haute-altitude\/","url":"https:\/\/customsailingcb.com\/fr\/evenements\/regates-en-haute-altitude\/","name":"R\u00e9gates en haute altitude - Custom sailing CB, location de bateau Costa Brava","isPartOf":{"@id":"https:\/\/customsailingcb.com\/fr\/#website"},"datePublished":"2025-01-31T13:07:23+00:00","dateModified":"2025-03-12T08:17:04+00:00","breadcrumb":{"@id":"https:\/\/customsailingcb.com\/fr\/evenements\/regates-en-haute-altitude\/#breadcrumb"},"inLanguage":"fr-FR","potentialAction":[{"@type":"ReadAction","target":["https:\/\/customsailingcb.com\/fr\/evenements\/regates-en-haute-altitude\/"]}]},{"@type":"BreadcrumbList","@id":"https:\/\/customsailingcb.com\/fr\/evenements\/regates-en-haute-altitude\/#breadcrumb","itemListElement":[{"@type":"ListItem","position":1,"name":"Inicio","item":"https:\/\/customsailingcb.com\/fr\/"},{"@type":"ListItem","position":2,"name":"\u00c9v\u00e9nements","item":"https:\/\/customsailingcb.com\/fr\/eventos\/"},{"@type":"ListItem","position":3,"name":"R\u00e9gates en haute altitude"}]},{"@type":"WebSite","@id":"https:\/\/customsailingcb.com\/fr\/#website","url":"https:\/\/customsailingcb.com\/fr\/","name":"Custom Sailing CB","description":"Location de bateaux Costa Brava","publisher":{"@id":"https:\/\/customsailingcb.com\/fr\/#organization"},"alternateName":"CustomSailingCB.com","potentialAction":[{"@type":"SearchAction","target":{"@type":"EntryPoint","urlTemplate":"https:\/\/customsailingcb.com\/fr\/?s={search_term_string}"},"query-input":{"@type":"PropertyValueSpecification","valueRequired":true,"valueName":"search_term_string"}}],"inLanguage":"fr-FR"},{"@type":"Organization","@id":"https:\/\/customsailingcb.com\/fr\/#organization","name":"Custom Sailing CB","alternateName":"Custom Sailing Costa Brava","url":"https:\/\/customsailingcb.com\/fr\/","logo":{"@type":"ImageObject","inLanguage":"fr-FR","@id":"https:\/\/customsailingcb.com\/fr\/#\/schema\/logo\/image\/","url":"https:\/\/www.customsailingcb.com\/wp-content\/uploads\/2025\/01\/Logo_customsailing-scaled.webp","contentUrl":"https:\/\/www.customsailingcb.com\/wp-content\/uploads\/2025\/01\/Logo_customsailing-scaled.webp","width":2560,"height":1085,"caption":"Custom Sailing CB"},"image":{"@id":"https:\/\/customsailingcb.com\/fr\/#\/schema\/logo\/image\/"},"sameAs":["https:\/\/www.facebook.com\/customsailingcostabrava","https:\/\/www.instagram.com\/customsailing\/"]}]}},"_links":{"self":[{"href":"https:\/\/customsailingcb.com\/fr\/wp-json\/wp\/v2\/pages\/3518","targetHints":{"allow":["GET"]}}],"collection":[{"href":"https:\/\/customsailingcb.com\/fr\/wp-json\/wp\/v2\/pages"}],"about":[{"href":"https:\/\/customsailingcb.com\/fr\/wp-json\/wp\/v2\/types\/page"}],"author":[{"embeddable":true,"href":"https:\/\/customsailingcb.com\/fr\/wp-json\/wp\/v2\/users\/2"}],"replies":[{"embeddable":true,"href":"https:\/\/customsailingcb.com\/fr\/wp-json\/wp\/v2\/comments?post=3518"}],"version-history":[{"count":0,"href":"https:\/\/customsailingcb.com\/fr\/wp-json\/wp\/v2\/pages\/3518\/revisions"}],"up":[{"embeddable":true,"href":"https:\/\/customsailingcb.com\/fr\/wp-json\/wp\/v2\/pages\/3500"}],"wp:attachment":[{"href":"https:\/\/customsailingcb.com\/fr\/wp-json\/wp\/v2\/media?parent=3518"}],"curies":[{"name":"wp","href":"https:\/\/api.w.org\/{rel}","templated":true}]}}